{"id":165,"date":"2016-01-01T19:03:08","date_gmt":"2016-01-01T18:03:08","guid":{"rendered":"http:\/\/www.combas.com\/en\/?page_id=165"},"modified":"2016-01-01T19:28:41","modified_gmt":"2016-01-01T18:28:41","slug":"solo-exhibitions","status":"publish","type":"page","link":"https:\/\/www.combas.com\/en\/robert-combas\/solo-exhibitions\/","title":{"rendered":"Solo Exhibitions"},"content":{"rendered":"<p>[vc_row]<br \/>\n[vc_column]<br \/>\n<div class=\"smile_icon_list_wrap ult_info_list_container ult-adjust-bottom-margin  \"><ul class=\"smile_icon_list left square with_bg\"><br \/>\n<li class=\"icon_list_item\" style=\" font-size:72px;\"><div class=\"icon_list_icon\" data-animation=\"\" data-animation-delay=\"03\" style=\"font-size:24px;border-width:1px;border-style:none;background:#ffffff;color:#333333;border-color:#333333;\"><i class=\"Defaults-chevron-right\" ><\/i><\/div><div class=\"icon_description\" id=\"Info-list-wrap-1315\" style=\"font-size:24px;\"><h3 class=\"ult-responsive info-list-heading\"  data-ultimate-target='#Info-list-wrap-1315 h3'  data-responsive-json-new='{\"font-size\":\"desktop:16px;\",\"line-height\":\"desktop:24px;\"}'  style=\"\">1980<\/h3><div class=\"icon_description_text ult-responsive\"  data-ultimate-target='#Info-list-wrap-1315 .icon_description_text'  data-responsive-json-new='{\"font-size\":\"desktop:13px;\",\"line-height\":\"desktop:18px;\"}'  style=\"\"><p>First solo exhibition at the Galerie Errata, Montpellier,\u00a0 20 &#8211; 27 may 1980.<\/p>\n<\/div><\/div><div class=\"icon_list_connector\"  style=\"border-right-width: 1px;border-right-style: dashed;border-color: #333333;\"><\/div><\/li><br \/>\n<li class=\"icon_list_item\" style=\" font-size:72px;\"><div class=\"icon_list_icon\" data-animation=\"\" data-animation-delay=\"03\" style=\"font-size:24px;border-width:1px;border-style:none;background:#ffffff;color:#333333;border-color:#333333;\"><i class=\"Defaults-chevron-right\" ><\/i><\/div><div class=\"icon_description\" id=\"Info-list-wrap-9449\" style=\"font-size:24px;\"><h3 class=\"ult-responsive info-list-heading\"  data-ultimate-target='#Info-list-wrap-9449 h3'  data-responsive-json-new='{\"font-size\":\"desktop:16px;\",\"line-height\":\"desktop:24px;\"}'  style=\"\">1981<\/h3><div class=\"icon_description_text ult-responsive\"  data-ultimate-target='#Info-list-wrap-9449 .icon_description_text'  data-responsive-json-new='{\"font-size\":\"desktop:13px;\",\"line-height\":\"desktop:18px;\"}'  style=\"\"><p>First solo exhibitions abroad, at Eva Keppel Gallery, D\u00fcsseldorf, in February 1980, and at Swart Gallery, Amsterdam, the following month.<\/p>\n<\/div><\/div><div class=\"icon_list_connector\"  style=\"border-right-width: 1px;border-right-style: dashed;border-color: #333333;\"><\/div><\/li><br \/>\n<li class=\"icon_list_item\" style=\" font-size:72px;\"><div class=\"icon_list_icon\" data-animation=\"\" data-animation-delay=\"03\" style=\"font-size:24px;border-width:1px;border-style:none;background:#ffffff;color:#333333;border-color:#333333;\"><i class=\"Defaults-chevron-right\" ><\/i><\/div><div class=\"icon_description\" id=\"Info-list-wrap-8817\" style=\"font-size:24px;\"><h3 class=\"ult-responsive info-list-heading\"  data-ultimate-target='#Info-list-wrap-8817 h3'  data-responsive-json-new='{\"font-size\":\"desktop:16px;\",\"line-height\":\"desktop:24px;\"}'  style=\"\">1982<\/h3><div class=\"icon_description_text ult-responsive\"  data-ultimate-target='#Info-list-wrap-8817 .icon_description_text'  data-responsive-json-new='{\"font-size\":\"desktop:13px;\",\"line-height\":\"desktop:18px;\"}'  style=\"\"><p>First solo exhibition in Paris at Galerie Yvon Lambert. New exhibition at Swart Gallery in Amsterdam. Exhibition at Il Capricornio Gallery, Venice.<\/p>\n<\/div><\/div><div class=\"icon_list_connector\"  style=\"border-right-width: 1px;border-right-style: dashed;border-color: #333333;\"><\/div><\/li><br \/>\n<li class=\"icon_list_item\" style=\" font-size:72px;\"><div class=\"icon_list_icon\" data-animation=\"\" data-animation-delay=\"03\" style=\"font-size:24px;border-width:1px;border-style:none;background:#ffffff;color:#333333;border-color:#333333;\"><i class=\"Defaults-chevron-right\" ><\/i><\/div><div class=\"icon_description\" id=\"Info-list-wrap-8124\" style=\"font-size:24px;\"><h3 class=\"ult-responsive info-list-heading\"  data-ultimate-target='#Info-list-wrap-8124 h3'  data-responsive-json-new='{\"font-size\":\"desktop:16px;\",\"line-height\":\"desktop:24px;\"}'  style=\"\">1983<\/h3><div class=\"icon_description_text ult-responsive\"  data-ultimate-target='#Info-list-wrap-8124 .icon_description_text'  data-responsive-json-new='{\"font-size\":\"desktop:13px;\",\"line-height\":\"desktop:18px;\"}'  style=\"\"><p>First solo exhibition at L\u00e9o Castelli Gallery, New York, April 1983.<\/p>\n<\/div><\/div><div class=\"icon_list_connector\"  style=\"border-right-width: 1px;border-right-style: dashed;border-color: #333333;\"><\/div><\/li><br \/>\n<li class=\"icon_list_item\" style=\" font-size:72px;\"><div class=\"icon_list_icon\" data-animation=\"\" data-animation-delay=\"03\" style=\"font-size:24px;border-width:1px;border-style:none;background:#ffffff;color:#333333;border-color:#333333;\"><i class=\"Defaults-chevron-right\" ><\/i><\/div><div class=\"icon_description\" id=\"Info-list-wrap-5608\" style=\"font-size:24px;\"><h3 class=\"ult-responsive info-list-heading\"  data-ultimate-target='#Info-list-wrap-5608 h3'  data-responsive-json-new='{\"font-size\":\"desktop:16px;\",\"line-height\":\"desktop:24px;\"}'  style=\"\">1984<\/h3><div class=\"icon_description_text ult-responsive\"  data-ultimate-target='#Info-list-wrap-5608 .icon_description_text'  data-responsive-json-new='{\"font-size\":\"desktop:13px;\",\"line-height\":\"desktop:18px;\"}'  style=\"\"><p>First major solo exhibition at ARCA in Marseille, and publication of the first monograph: Combas 1984.<\/p>\n<\/div><\/div><div class=\"icon_list_connector\"  style=\"border-right-width: 1px;border-right-style: dashed;border-color: #333333;\"><\/div><\/li><br \/>\n<li class=\"icon_list_item\" style=\" font-size:72px;\"><div class=\"icon_list_icon\" data-animation=\"\" data-animation-delay=\"03\" style=\"font-size:24px;border-width:1px;border-style:none;background:#ffffff;color:#333333;border-color:#333333;\"><i class=\"Defaults-chevron-right\" ><\/i><\/div><div class=\"icon_description\" id=\"Info-list-wrap-9610\" style=\"font-size:24px;\"><h3 class=\"ult-responsive info-list-heading\"  data-ultimate-target='#Info-list-wrap-9610 h3'  data-responsive-json-new='{\"font-size\":\"desktop:16px;\",\"line-height\":\"desktop:24px;\"}'  style=\"\">1985<\/h3><div class=\"icon_description_text ult-responsive\"  data-ultimate-target='#Info-list-wrap-9610 .icon_description_text'  data-responsive-json-new='{\"font-size\":\"desktop:13px;\",\"line-height\":\"desktop:18px;\"}'  style=\"\"><p>Retrospective at the museum of the Abbaye Sainte-Croix des Sables d&#8217;Olonne. This retrospective was later shown at the Gemeente Museum in Helmond (The Netherlands) and at the Mus\u00e9e d&#8217;Art et d&#8217;Industrie in Saint-Etienne (France) in 1986.<\/p>\n<\/div><\/div><div class=\"icon_list_connector\"  style=\"border-right-width: 1px;border-right-style: dashed;border-color: #333333;\"><\/div><\/li><br \/>\n<li class=\"icon_list_item\" style=\" font-size:72px;\"><div class=\"icon_list_icon\" data-animation=\"\" data-animation-delay=\"03\" style=\"font-size:24px;border-width:1px;border-style:none;background:#ffffff;color:#333333;border-color:#333333;\"><i class=\"Defaults-chevron-right\" ><\/i><\/div><div class=\"icon_description\" id=\"Info-list-wrap-2555\" style=\"font-size:24px;\"><h3 class=\"ult-responsive info-list-heading\"  data-ultimate-target='#Info-list-wrap-2555 h3'  data-responsive-json-new='{\"font-size\":\"desktop:16px;\",\"line-height\":\"desktop:24px;\"}'  style=\"\">1986<\/h3><div class=\"icon_description_text ult-responsive\"  data-ultimate-target='#Info-list-wrap-2555 .icon_description_text'  data-responsive-json-new='{\"font-size\":\"desktop:13px;\",\"line-height\":\"desktop:18px;\"}'  style=\"\"><p>Second exhibition at L\u00e9o Castelli Gallery, New York.<br \/>\nExhibition &#8220;Le Bestiaire de Combas\/ Combas&#8217;s Bestiary&#8221; at Galerie Yvon Lambert, Paris.<\/p>\n<\/div><\/div><div class=\"icon_list_connector\"  style=\"border-right-width: 1px;border-right-style: dashed;border-color: #333333;\"><\/div><\/li><br \/>\n<li class=\"icon_list_item\" style=\" font-size:72px;\"><div class=\"icon_list_icon\" data-animation=\"\" data-animation-delay=\"03\" style=\"font-size:24px;border-width:1px;border-style:none;background:#ffffff;color:#333333;border-color:#333333;\"><i class=\"Defaults-chevron-right\" ><\/i><\/div><div class=\"icon_description\" id=\"Info-list-wrap-3944\" style=\"font-size:24px;\"><h3 class=\"ult-responsive info-list-heading\"  data-ultimate-target='#Info-list-wrap-3944 h3'  data-responsive-json-new='{\"font-size\":\"desktop:16px;\",\"line-height\":\"desktop:24px;\"}'  style=\"\">1987<\/h3><div class=\"icon_description_text ult-responsive\"  data-ultimate-target='#Info-list-wrap-3944 .icon_description_text'  data-responsive-json-new='{\"font-size\":\"desktop:13px;\",\"line-height\":\"desktop:18px;\"}'  style=\"\"><p>Exhibition at CAPC, Contemporary Art Museum of Bordeaux in April. This exhibition was later shown at the Stedlijk Museum in Amsterdam.<\/p>\n<\/div><\/div><div class=\"icon_list_connector\"  style=\"border-right-width: 1px;border-right-style: dashed;border-color: #333333;\"><\/div><\/li><br \/>\n<li class=\"icon_list_item\" style=\" font-size:72px;\"><div class=\"icon_list_icon\" data-animation=\"\" data-animation-delay=\"03\" style=\"font-size:24px;border-width:1px;border-style:none;background:#ffffff;color:#333333;border-color:#333333;\"><i class=\"Defaults-chevron-right\" ><\/i><\/div><div class=\"icon_description\" id=\"Info-list-wrap-6743\" style=\"font-size:24px;\"><h3 class=\"ult-responsive info-list-heading\"  data-ultimate-target='#Info-list-wrap-6743 h3'  data-responsive-json-new='{\"font-size\":\"desktop:16px;\",\"line-height\":\"desktop:24px;\"}'  style=\"\">1988<\/h3><div class=\"icon_description_text ult-responsive\"  data-ultimate-target='#Info-list-wrap-6743 .icon_description_text'  data-responsive-json-new='{\"font-size\":\"desktop:13px;\",\"line-height\":\"desktop:18px;\"}'  style=\"\"><p>Double exhibition in Paris: &#8220;Les Batailles\/ Battles&#8221; at Galerie Beaubourg, and &#8220;La guerre de Troie\/ Trojan War&#8221;, at Galerie Yvon Lambert.<br \/>\nExhibitions abroad at Krings Ernst Gallery, Cologne, and &#8220;L&#8217;Amour\/Love&#8221; at Pierre Huber Gallery, Geneva.<\/p>\n<\/div><\/div><div class=\"icon_list_connector\"  style=\"border-right-width: 1px;border-right-style: dashed;border-color: #333333;\"><\/div><\/li><br \/>\n<li class=\"icon_list_item\" style=\" font-size:72px;\"><div class=\"icon_list_icon\" data-animation=\"\" data-animation-delay=\"03\" style=\"font-size:24px;border-width:1px;border-style:none;background:#ffffff;color:#333333;border-color:#333333;\"><i class=\"Defaults-chevron-right\" ><\/i><\/div><div class=\"icon_description\" id=\"Info-list-wrap-6540\" style=\"font-size:24px;\"><h3 class=\"ult-responsive info-list-heading\"  data-ultimate-target='#Info-list-wrap-6540 h3'  data-responsive-json-new='{\"font-size\":\"desktop:16px;\",\"line-height\":\"desktop:24px;\"}'  style=\"\">1989<\/h3><div class=\"icon_description_text ult-responsive\"  data-ultimate-target='#Info-list-wrap-6540 .icon_description_text'  data-responsive-json-new='{\"font-size\":\"desktop:13px;\",\"line-height\":\"desktop:18px;\"}'  style=\"\"><p>&#8220;Painting &amp; Objects&#8221;, at Blue Gallery, Seoul (South Corea).<\/p>\n<\/div><\/div><div class=\"icon_list_connector\"  style=\"border-right-width: 1px;border-right-style: dashed;border-color: #333333;\"><\/div><\/li><br \/>\n<li class=\"icon_list_item\" style=\" font-size:72px;\"><div class=\"icon_list_icon\" data-animation=\"\" data-animation-delay=\"03\" style=\"font-size:24px;border-width:1px;border-style:none;background:#ffffff;color:#333333;border-color:#333333;\"><i class=\"Defaults-chevron-right\" ><\/i><\/div><div class=\"icon_description\" id=\"Info-list-wrap-5596\" style=\"font-size:24px;\"><h3 class=\"ult-responsive info-list-heading\"  data-ultimate-target='#Info-list-wrap-5596 h3'  data-responsive-json-new='{\"font-size\":\"desktop:16px;\",\"line-height\":\"desktop:24px;\"}'  style=\"\">1990<\/h3><div class=\"icon_description_text ult-responsive\"  data-ultimate-target='#Info-list-wrap-5596 .icon_description_text'  data-responsive-json-new='{\"font-size\":\"desktop:13px;\",\"line-height\":\"desktop:18px;\"}'  style=\"\"><p>Exhibition at W. Schultz Gallery, San Francisco.<br \/>\n&#8220;Combas-Toulouse-Lautrec&#8221;, at the Mus\u00e9e Toulouse Lautrec, Albi (France).<\/p>\n<\/div><\/div><div class=\"icon_list_connector\"  style=\"border-right-width: 1px;border-right-style: dashed;border-color: #333333;\"><\/div><\/li><br \/>\n<li class=\"icon_list_item\" style=\" font-size:72px;\"><div class=\"icon_list_icon\" data-animation=\"\" data-animation-delay=\"03\" style=\"font-size:24px;border-width:1px;border-style:none;background:#ffffff;color:#333333;border-color:#333333;\"><i class=\"Defaults-chevron-right\" ><\/i><\/div><div class=\"icon_description\" id=\"Info-list-wrap-4010\" style=\"font-size:24px;\"><h3 class=\"ult-responsive info-list-heading\"  data-ultimate-target='#Info-list-wrap-4010 h3'  data-responsive-json-new='{\"font-size\":\"desktop:16px;\",\"line-height\":\"desktop:24px;\"}'  style=\"\">1991<\/h3><div class=\"icon_description_text ult-responsive\"  data-ultimate-target='#Info-list-wrap-4010 .icon_description_text'  data-responsive-json-new='{\"font-size\":\"desktop:13px;\",\"line-height\":\"desktop:18px;\"}'  style=\"\"><p>Double exhibition in Paris: &#8220;La Bible\/ The Bible&#8221; at Galerie Beaubourg, and &#8220;Les Saints\/ Saints&#8221; at Galerie Yvon Lambert. Publication of the monograph Robert Combas, Editions de la Diff\u00e9rence (text by Bernard Marcad\u00e9).<\/p>\n<\/div><\/div><div class=\"icon_list_connector\"  style=\"border-right-width: 1px;border-right-style: dashed;border-color: #333333;\"><\/div><\/li><br \/>\n<li class=\"icon_list_item\" style=\" font-size:72px;\"><div class=\"icon_list_icon\" data-animation=\"\" data-animation-delay=\"03\" style=\"font-size:24px;border-width:1px;border-style:none;background:#ffffff;color:#333333;border-color:#333333;\"><i class=\"Defaults-chevron-right\" ><\/i><\/div><div class=\"icon_description\" id=\"Info-list-wrap-7694\" style=\"font-size:24px;\"><h3 class=\"ult-responsive info-list-heading\"  data-ultimate-target='#Info-list-wrap-7694 h3'  data-responsive-json-new='{\"font-size\":\"desktop:16px;\",\"line-height\":\"desktop:24px;\"}'  style=\"\">1992<\/h3><div class=\"icon_description_text ult-responsive\"  data-ultimate-target='#Info-list-wrap-7694 .icon_description_text'  data-responsive-json-new='{\"font-size\":\"desktop:13px;\",\"line-height\":\"desktop:18px;\"}'  style=\"\"><p>Double exhibition in S\u00e8te: &#8220;La Mauvaise r\u00e9putation\/ The Bad Reputation&#8221;, paintings about Georges Brassens, &#8220;Aquest\u00e9cop&#8221; paintings form 1977 to 1991, shown at the Mus\u00e9e Paul Valery.<\/p>\n<\/div><\/div><div class=\"icon_list_connector\"  style=\"border-right-width: 1px;border-right-style: dashed;border-color: #333333;\"><\/div><\/li><br \/>\n<li class=\"icon_list_item\" style=\" font-size:72px;\"><div class=\"icon_list_icon\" data-animation=\"\" data-animation-delay=\"03\" style=\"font-size:24px;border-width:1px;border-style:none;background:#ffffff;color:#333333;border-color:#333333;\"><i class=\"Defaults-chevron-right\" ><\/i><\/div><div class=\"icon_description\" id=\"Info-list-wrap-7674\" style=\"font-size:24px;\"><h3 class=\"ult-responsive info-list-heading\"  data-ultimate-target='#Info-list-wrap-7674 h3'  data-responsive-json-new='{\"font-size\":\"desktop:16px;\",\"line-height\":\"desktop:24px;\"}'  style=\"\">1993<\/h3><div class=\"icon_description_text ult-responsive\"  data-ultimate-target='#Info-list-wrap-7674 .icon_description_text'  data-responsive-json-new='{\"font-size\":\"desktop:13px;\",\"line-height\":\"desktop:18px;\"}'  style=\"\"><p>Exhibition &#8220;Du simple et du double\/ Doubling&#8221; at the Mus\u00e9e d&#8217;Art Moderne de la Ville de Paris.<br \/>\nExhibition at Galerie Bastien, Brussels.<\/p>\n<\/div><\/div><div class=\"icon_list_connector\"  style=\"border-right-width: 1px;border-right-style: dashed;border-color: #333333;\"><\/div><\/li><br \/>\n<li class=\"icon_list_item\" style=\" font-size:72px;\"><div class=\"icon_list_icon\" data-animation=\"\" data-animation-delay=\"03\" style=\"font-size:24px;border-width:1px;border-style:none;background:#ffffff;color:#333333;border-color:#333333;\"><i class=\"Defaults-chevron-right\" ><\/i><\/div><div class=\"icon_description\" id=\"Info-list-wrap-5129\" style=\"font-size:24px;\"><h3 class=\"ult-responsive info-list-heading\"  data-ultimate-target='#Info-list-wrap-5129 h3'  data-responsive-json-new='{\"font-size\":\"desktop:16px;\",\"line-height\":\"desktop:24px;\"}'  style=\"\">1994<\/h3><div class=\"icon_description_text ult-responsive\"  data-ultimate-target='#Info-list-wrap-5129 .icon_description_text'  data-responsive-json-new='{\"font-size\":\"desktop:13px;\",\"line-height\":\"desktop:18px;\"}'  style=\"\"><p>&#8220;Recent paintings&#8221;, at the Institut Fran\u00e7ais du Royaume Uni, London.<br \/>\n&#8220;L&#8217;art Italien\/ Italian Art&#8221;, an exhibition commissioned by the Alliance Fran\u00e7aise of Bologna. It was shown in different places in Italy.<br \/>\n&#8220;La Maison Combas\/ Combas&#8217;s House&#8221;, first exhibition of the paintings published by ZINZEN, at Galerie L&#8217;Entrep\u00f4t, Mulhouse.<br \/>\nExhibition of the first &#8220;Tatouages acad\u00e9miques\/ Academic Tattoos&#8221; at the Manoir de Coligny, Switzerland.<\/p>\n<\/div><\/div><div class=\"icon_list_connector\"  style=\"border-right-width: 1px;border-right-style: dashed;border-color: #333333;\"><\/div><\/li><br \/>\n<li class=\"icon_list_item\" style=\" font-size:72px;\"><div class=\"icon_list_icon\" data-animation=\"\" data-animation-delay=\"03\" style=\"font-size:24px;border-width:1px;border-style:none;background:#ffffff;color:#333333;border-color:#333333;\"><i class=\"Defaults-chevron-right\" ><\/i><\/div><div class=\"icon_description\" id=\"Info-list-wrap-3963\" style=\"font-size:24px;\"><h3 class=\"ult-responsive info-list-heading\"  data-ultimate-target='#Info-list-wrap-3963 h3'  data-responsive-json-new='{\"font-size\":\"desktop:16px;\",\"line-height\":\"desktop:24px;\"}'  style=\"\">1995<\/h3><div class=\"icon_description_text ult-responsive\"  data-ultimate-target='#Info-list-wrap-3963 .icon_description_text'  data-responsive-json-new='{\"font-size\":\"desktop:13px;\",\"line-height\":\"desktop:18px;\"}'  style=\"\"><p>&#8220;La maison Combas\/ Combas&#8217;s House&#8221; shown at the Salon de Mars by Galerie Beaubourg.<br \/>\n&#8220;La musique et touti couinti\/ Music and tootty quantty&#8221;, at the Fondation Coprim Paris.<br \/>\nExhibition at the Hall du Palais des Congr\u00e8s, Paris.<br \/>\nExhibition &#8220;Tatouages acad\u00e9miques\/ Academic Tattoos&#8221; at Galerie Attali, Paris.<br \/>\nExhibition at Hotel Byblos, Saint Tropez.<br \/>\nExhibition &#8220;Premi\u00e8res Oeuvres\/ First Paintings&#8221; at Galerie J\u00e9r\u00f4me de Noirmont, Paris, and sculpture exhibition at Galerie Matignon, Paris.<\/p>\n<\/div><\/div><div class=\"icon_list_connector\"  style=\"border-right-width: 1px;border-right-style: dashed;border-color: #333333;\"><\/div><\/li><br \/>\n<li class=\"icon_list_item\" style=\" font-size:72px;\"><div class=\"icon_list_icon\" data-animation=\"\" data-animation-delay=\"03\" style=\"font-size:24px;border-width:1px;border-style:none;background:#ffffff;color:#333333;border-color:#333333;\"><i class=\"Defaults-chevron-right\" ><\/i><\/div><div class=\"icon_description\" id=\"Info-list-wrap-9554\" style=\"font-size:24px;\"><h3 class=\"ult-responsive info-list-heading\"  data-ultimate-target='#Info-list-wrap-9554 h3'  data-responsive-json-new='{\"font-size\":\"desktop:16px;\",\"line-height\":\"desktop:24px;\"}'  style=\"\">1996<\/h3><div class=\"icon_description_text ult-responsive\"  data-ultimate-target='#Info-list-wrap-9554 .icon_description_text'  data-responsive-json-new='{\"font-size\":\"desktop:13px;\",\"line-height\":\"desktop:18px;\"}'  style=\"\"><p>\n&#8220;Peintures primitives portugaises\/ Portuguese primitive paintings&#8221; at 1991 Gallery, Lisbon (Portugal).<br \/>\n&#8220;T\u00e2che de lait, tashi deleks&#8221;, at Chapelle des J\u00e9suites de Chaumont (France).<br \/>\nExhibition &#8220;Sanguines\/ Red chalk Drawings&#8221; at Galerie Strouk, Paris.<br \/>\nExhibition at galerie Dawart, Brussels.<br \/>\n&#8220;Fantaisies H\u00e9roiques\/ Heroic Fantasies&#8221;, retrospective exhibition at S\u00e9rignan (France, 34).<\/p>\n<\/div><\/div><div class=\"icon_list_connector\"  style=\"border-right-width: 1px;border-right-style: dashed;border-color: #333333;\"><\/div><\/li><br \/>\n<li class=\"icon_list_item\" style=\" font-size:72px;\"><div class=\"icon_list_icon\" data-animation=\"\" data-animation-delay=\"03\" style=\"font-size:24px;border-width:1px;border-style:none;background:#ffffff;color:#333333;border-color:#333333;\"><i class=\"Defaults-chevron-right\" ><\/i><\/div><div class=\"icon_description\" id=\"Info-list-wrap-6856\" style=\"font-size:24px;\"><h3 class=\"ult-responsive info-list-heading\"  data-ultimate-target='#Info-list-wrap-6856 h3'  data-responsive-json-new='{\"font-size\":\"desktop:16px;\",\"line-height\":\"desktop:24px;\"}'  style=\"\">1997<\/h3><div class=\"icon_description_text ult-responsive\"  data-ultimate-target='#Info-list-wrap-6856 .icon_description_text'  data-responsive-json-new='{\"font-size\":\"desktop:13px;\",\"line-height\":\"desktop:18px;\"}'  style=\"\"><p>&#8220;Manheim-Paris, Mozard-Combas&#8221;, exhibition at Galerie Bergold, Manheim (Germany).<br \/>\nDouble exhibition \u00e0 la Seyne-sur-Mer (France, 83): &#8220;Diou m\u00e9 damn\u00e9 Macarel, je fais une r\u00e9trospective\/ Goddamn Me! I am having a retrospective exhibition&#8221; at La Villa Tamaris; and &#8220;Coquin de sort \u00e7a continue\/ It goes on and on, what a playful destiny!&#8221; at Fort Napol\u00e9on.<br \/>\n&#8220;Portraits Glitters&#8221; at Galerie Strouk, Paris.<br \/>\n&#8220;Sanguineas\/ Red Chalk Drawings&#8221;, 1991 Gallery, Lisbon.<\/p>\n<\/div><\/div><div class=\"icon_list_connector\"  style=\"border-right-width: 1px;border-right-style: dashed;border-color: #333333;\"><\/div><\/li><br \/>\n<li class=\"icon_list_item\" style=\" font-size:72px;\"><div class=\"icon_list_icon\" data-animation=\"\" data-animation-delay=\"03\" style=\"font-size:24px;border-width:1px;border-style:none;background:#ffffff;color:#333333;border-color:#333333;\"><i class=\"Defaults-chevron-right\" ><\/i><\/div><div class=\"icon_description\" id=\"Info-list-wrap-9005\" style=\"font-size:24px;\"><h3 class=\"ult-responsive info-list-heading\"  data-ultimate-target='#Info-list-wrap-9005 h3'  data-responsive-json-new='{\"font-size\":\"desktop:16px;\",\"line-height\":\"desktop:24px;\"}'  style=\"\">1998<\/h3><div class=\"icon_description_text ult-responsive\"  data-ultimate-target='#Info-list-wrap-9005 .icon_description_text'  data-responsive-json-new='{\"font-size\":\"desktop:13px;\",\"line-height\":\"desktop:18px;\"}'  style=\"\"><p>&#8220;Entre deux Guerres, Ben et Combas\/ Interbellum, Ben and Combas&#8221;. Historial de la Grande Guerre, P\u00e9ronne (France).<br \/>\n&#8220;Dans le tiroir, il y a trois couilles et une bite\/ In the drawer, there are three balls and one dick&#8221;, at the Mus\u00e9e de l&#8217;\u00c9rotisme, Paris.<\/p>\n<\/div><\/div><div class=\"icon_list_connector\"  style=\"border-right-width: 1px;border-right-style: dashed;border-color: #333333;\"><\/div><\/li><br \/>\n<li class=\"icon_list_item\" style=\" font-size:72px;\"><div class=\"icon_list_icon\" data-animation=\"\" data-animation-delay=\"03\" style=\"font-size:24px;border-width:1px;border-style:none;background:#ffffff;color:#333333;border-color:#333333;\"><i class=\"Defaults-chevron-right\" ><\/i><\/div><div class=\"icon_description\" id=\"Info-list-wrap-4716\" style=\"font-size:24px;\"><h3 class=\"ult-responsive info-list-heading\"  data-ultimate-target='#Info-list-wrap-4716 h3'  data-responsive-json-new='{\"font-size\":\"desktop:16px;\",\"line-height\":\"desktop:24px;\"}'  style=\"\">1999<\/h3><div class=\"icon_description_text ult-responsive\"  data-ultimate-target='#Info-list-wrap-4716 .icon_description_text'  data-responsive-json-new='{\"font-size\":\"desktop:13px;\",\"line-height\":\"desktop:18px;\"}'  style=\"\"><p>&#8220;Originibus picturae&#8221; at Sarlat (France).<br \/>\n&#8220;Tronche d&#8217;habits \/ A clothes head &#8221; at Espace Cardin, Paris.<\/p>\n<\/div><\/div><div class=\"icon_list_connector\"  style=\"border-right-width: 1px;border-right-style: dashed;border-color: #333333;\"><\/div><\/li><br \/>\n<li class=\"icon_list_item\" style=\" font-size:72px;\"><div class=\"icon_list_icon\" data-animation=\"\" data-animation-delay=\"03\" style=\"font-size:24px;border-width:1px;border-style:none;background:#ffffff;color:#333333;border-color:#333333;\"><i class=\"Defaults-chevron-right\" ><\/i><\/div><div class=\"icon_description\" id=\"Info-list-wrap-6613\" style=\"font-size:24px;\"><h3 class=\"ult-responsive info-list-heading\"  data-ultimate-target='#Info-list-wrap-6613 h3'  data-responsive-json-new='{\"font-size\":\"desktop:16px;\",\"line-height\":\"desktop:24px;\"}'  style=\"\">2000<\/h3><div class=\"icon_description_text ult-responsive\"  data-ultimate-target='#Info-list-wrap-6613 .icon_description_text'  data-responsive-json-new='{\"font-size\":\"desktop:13px;\",\"line-height\":\"desktop:18px;\"}'  style=\"\"><p>&#8220;Mai aqui&#8221;, at Mus\u00e9e Paul Valery, S\u00e8te.<br \/>\n&#8220;Marylin-Combas&#8221;, at Gallery Dewart Gallery, Brussels, at Charlotte Moser Gallery, Geneva, and at Galerie Rachlin-Lemari\u00e9, Paris.<br \/>\n&#8220;\u00c0 l&#8217;emporte-pi\u00e8ces&#8221;, Monograph of Robert Combas shown at the FIAC by Galerie Rachlin &amp; Lemari\u00e9.<\/p>\n<\/div><\/div><div class=\"icon_list_connector\"  style=\"border-right-width: 1px;border-right-style: dashed;border-color: #333333;\"><\/div><\/li><br \/>\n<li class=\"icon_list_item\" style=\" font-size:72px;\"><div class=\"icon_list_icon\" data-animation=\"\" data-animation-delay=\"03\" style=\"font-size:24px;border-width:1px;border-style:none;background:#ffffff;color:#333333;border-color:#333333;\"><i class=\"Defaults-chevron-right\" ><\/i><\/div><div class=\"icon_description\" id=\"Info-list-wrap-2421\" style=\"font-size:24px;\"><h3 class=\"ult-responsive info-list-heading\"  data-ultimate-target='#Info-list-wrap-2421 h3'  data-responsive-json-new='{\"font-size\":\"desktop:16px;\",\"line-height\":\"desktop:24px;\"}'  style=\"\">2001<\/h3><div class=\"icon_description_text ult-responsive\"  data-ultimate-target='#Info-list-wrap-2421 .icon_description_text'  data-responsive-json-new='{\"font-size\":\"desktop:13px;\",\"line-height\":\"desktop:18px;\"}'  style=\"\"><p>Exhibition &#8220;Les ann\u00e9es chaudes\/ Warm Years&#8221;, at Mus\u00e9e de Ch\u00e2teauroux , Couvent des Cordeliers (April 06 \u2013 June 10).<br \/>\nExhibition of recent works by Robert Combas, at Artcurial, Paris (May 30- June 30).<br \/>\n&#8220;King Size&#8221;, an exhibition about Elvis Presley at MIAM, S\u00e8te (June-September).<\/p>\n<\/div><\/div><div class=\"icon_list_connector\"  style=\"border-right-width: 1px;border-right-style: dashed;border-color: #333333;\"><\/div><\/li><br \/>\n<li class=\"icon_list_item\" style=\" font-size:72px;\"><div class=\"icon_list_icon\" data-animation=\"\" data-animation-delay=\"03\" style=\"font-size:24px;border-width:1px;border-style:none;background:#ffffff;color:#333333;border-color:#333333;\"><i class=\"Defaults-chevron-right\" ><\/i><\/div><div class=\"icon_description\" id=\"Info-list-wrap-4651\" style=\"font-size:24px;\"><h3 class=\"ult-responsive info-list-heading\"  data-ultimate-target='#Info-list-wrap-4651 h3'  data-responsive-json-new='{\"font-size\":\"desktop:16px;\",\"line-height\":\"desktop:24px;\"}'  style=\"\">2002<\/h3><div class=\"icon_description_text ult-responsive\"  data-ultimate-target='#Info-list-wrap-4651 .icon_description_text'  data-responsive-json-new='{\"font-size\":\"desktop:13px;\",\"line-height\":\"desktop:18px;\"}'  style=\"\"><p>&#8220;Robert Combas, summer exhibition&#8221; at Galerie H\u00e9l\u00e8ne Trintignant, Montpellier (May 24- July 28).<br \/>\nExhibition &#8220;Les vieux d\u00e9gueulasses, voici o\u00f9 en est la libert\u00e9 d&#8217;expression\/ The filty old men, this is where the freedom of speech lies now&#8221;, at Galerie M\u00e9tropolis, Lyon (June 13 \u2013 July 27)<br \/>\n&#8220;Il \u00e9tait une fois la Figuration Libre&#8221; at Fondation Coffim, Paris (November 28, 2001 \u2013 February 28 2002)<br \/>\nRendez-Vous n\u00b03, Collection Lambert, Avignon (December 15, 2001 &#8211; March 2002).<\/p>\n<\/div><\/div><div class=\"icon_list_connector\"  style=\"border-right-width: 1px;border-right-style: dashed;border-color: #333333;\"><\/div><\/li><br \/>\n<li class=\"icon_list_item\" style=\" font-size:72px;\"><div class=\"icon_list_icon\" data-animation=\"\" data-animation-delay=\"03\" style=\"font-size:24px;border-width:1px;border-style:none;background:#ffffff;color:#333333;border-color:#333333;\"><i class=\"Defaults-chevron-right\" ><\/i><\/div><div class=\"icon_description\" id=\"Info-list-wrap-3688\" style=\"font-size:24px;\"><h3 class=\"ult-responsive info-list-heading\"  data-ultimate-target='#Info-list-wrap-3688 h3'  data-responsive-json-new='{\"font-size\":\"desktop:16px;\",\"line-height\":\"desktop:24px;\"}'  style=\"\">2003<\/h3><div class=\"icon_description_text ult-responsive\"  data-ultimate-target='#Info-list-wrap-3688 .icon_description_text'  data-responsive-json-new='{\"font-size\":\"desktop:13px;\",\"line-height\":\"desktop:18px;\"}'  style=\"\"><p>Exhibition &#8220;Robert Combas, peintures des ann\u00e9es 80&#8221; at Galerie Pop Laurent Strouk, Cannes (March 15- May 17)<br \/>\n&#8220;Concert de portraits et de cartes \u00e0 gratter \/ Concert of portraits and and scratchboards&#8221;, Recent works, at Galerie Charlotte Moser, Geneva (May 08 \u2013 June 23).<br \/>\n&#8221; Nouvel atelier\/ New studio&#8221;, at Galerie Guy Pieters, Knokke le Zoute, Belgium (May 16 \u2013 June 25).<br \/>\n&#8220;Une saison Combas&#8221;, exhibition in eight different places in the city of Aix en Provence and the region around, (June 24 \u2013 September 30).<br \/>\nFIAC, stand at Galerie Guy Pieters, &#8220;Robert Combas et les tableaux s\u00e9quences&#8221;.<\/p>\n<\/div><\/div><div class=\"icon_list_connector\"  style=\"border-right-width: 1px;border-right-style: dashed;border-color: #333333;\"><\/div><\/li><br \/>\n<li class=\"icon_list_item\" style=\" font-size:72px;\"><div class=\"icon_list_icon\" data-animation=\"\" data-animation-delay=\"03\" style=\"font-size:24px;border-width:1px;border-style:none;background:#ffffff;color:#333333;border-color:#333333;\"><i class=\"Defaults-chevron-right\" ><\/i><\/div><div class=\"icon_description\" id=\"Info-list-wrap-1870\" style=\"font-size:24px;\"><h3 class=\"ult-responsive info-list-heading\"  data-ultimate-target='#Info-list-wrap-1870 h3'  data-responsive-json-new='{\"font-size\":\"desktop:16px;\",\"line-height\":\"desktop:24px;\"}'  style=\"\">2004<\/h3><div class=\"icon_description_text ult-responsive\"  data-ultimate-target='#Info-list-wrap-1870 .icon_description_text'  data-responsive-json-new='{\"font-size\":\"desktop:13px;\",\"line-height\":\"desktop:18px;\"}'  style=\"\"><p>Exhibition &#8220;Galerie de portraits\u00bb, at Galerie H\u00e9l\u00e8ne Trintignan, Montpellier (June 03 \u2013 July 30).<br \/>\nCombas-Mexique : exposition autour d\u2019une rencontre, at Espace Croix Baragnon, Toulouse (June 04 \u2013 June 30).<br \/>\nExhibition &#8220;Paintings and Works on paper&#8221; at Centre d\u2019Art de Mont de Marsan (June 20 \u2013 September 30).<br \/>\nExhibition of recent works at Galerie Guy Pieters, in Saint Paul de Vence (July 07 Juillet- August 31).<\/p>\n<\/div><\/div><div class=\"icon_list_connector\"  style=\"border-right-width: 1px;border-right-style: dashed;border-color: #333333;\"><\/div><\/li><br \/>\n<li class=\"icon_list_item\" style=\" font-size:72px;\"><div class=\"icon_list_icon\" data-animation=\"\" data-animation-delay=\"03\" style=\"font-size:24px;border-width:1px;border-style:none;background:#ffffff;color:#333333;border-color:#333333;\"><i class=\"Defaults-chevron-right\" ><\/i><\/div><div class=\"icon_description\" id=\"Info-list-wrap-3398\" style=\"font-size:24px;\"><h3 class=\"ult-responsive info-list-heading\"  data-ultimate-target='#Info-list-wrap-3398 h3'  data-responsive-json-new='{\"font-size\":\"desktop:16px;\",\"line-height\":\"desktop:24px;\"}'  style=\"\">2005<\/h3><div class=\"icon_description_text ult-responsive\"  data-ultimate-target='#Info-list-wrap-3398 .icon_description_text'  data-responsive-json-new='{\"font-size\":\"desktop:13px;\",\"line-height\":\"desktop:18px;\"}'  style=\"\"><p>Exhibition &#8220;Fleurs, personnages, r\u00eaves et paysages \/ Flowers, characters, dreams and landscapes&#8221;. Robert Combas, was the artist invited to the Festival d&#8217;Auvers-sur-Oise, Opus 25.<br \/>\nExhibition &#8220;En avant la musique&#8221;, at Palais B\u00e9n\u00e9dictine, F\u00e9camp (France).<br \/>\nExhibition &#8220;Mots d&#8217;oreille&#8221; shown by Galerie Guy Pieters at Magazzini del sale, Zattere Dorsoduro 259, in Venice.<\/p>\n<\/div><\/div><div class=\"icon_list_connector\"  style=\"border-right-width: 1px;border-right-style: dashed;border-color: #333333;\"><\/div><\/li><br \/>\n<li class=\"icon_list_item\" style=\" font-size:72px;\"><div class=\"icon_list_icon\" data-animation=\"\" data-animation-delay=\"03\" style=\"font-size:24px;border-width:1px;border-style:none;background:#ffffff;color:#333333;border-color:#333333;\"><i class=\"Defaults-chevron-right\" ><\/i><\/div><div class=\"icon_description\" id=\"Info-list-wrap-4553\" style=\"font-size:24px;\"><h3 class=\"ult-responsive info-list-heading\"  data-ultimate-target='#Info-list-wrap-4553 h3'  data-responsive-json-new='{\"font-size\":\"desktop:16px;\",\"line-height\":\"desktop:24px;\"}'  style=\"\">2006<\/h3><div class=\"icon_description_text ult-responsive\"  data-ultimate-target='#Info-list-wrap-4553 .icon_description_text'  data-responsive-json-new='{\"font-size\":\"desktop:13px;\",\"line-height\":\"desktop:18px;\"}'  style=\"\"><p>&#8220;Les tatouages acad\u00e9miques et la V\u00e9nus de Venise&#8221;, at Art Paris, stand Guy Pieters.<br \/>\n&#8220;Robert Combas et Spatharis&#8221;, Fine Arts Kapopoulos, Athens, Greece.<br \/>\n&#8220;\u0152uvres crois\u00e9es Combas-Kijno&#8221;, at Galerie H\u00e9l\u00e8ne Trintignan, Montpellier.<br \/>\n&#8220;Retour aux sources&#8221;, at Galerie H\u00e9l\u00e8ne Trintignan, Montpellier.<br \/>\n&#8220;Savoir-faire&#8221;, at Willy Shoots Gallery, Eindhoven (The Netherlands).<br \/>\n&#8220;Sacr\u00e9 Combas&#8221;, at Chapelle des Ursulines, Quimperl\u00e9 (France).<br \/>\n&#8220;Tatouages acad\u00e9miques&#8221;, at Galerie Guy Pieters, Knokke le Zoute, Belgium.<br \/>\n&#8220;Savoir-faire, retrospective exhibition&#8221;, at Seoul Museum of Art, South Korea.<\/p>\n<\/div><\/div><div class=\"icon_list_connector\"  style=\"border-right-width: 1px;border-right-style: dashed;border-color: #333333;\"><\/div><\/li><br \/>\n<li class=\"icon_list_item\" style=\" font-size:72px;\"><div class=\"icon_list_icon\" data-animation=\"\" data-animation-delay=\"03\" style=\"font-size:24px;border-width:1px;border-style:none;background:#ffffff;color:#333333;border-color:#333333;\"><i class=\"Defaults-chevron-right\" ><\/i><\/div><div class=\"icon_description\" id=\"Info-list-wrap-3448\" style=\"font-size:24px;\"><h3 class=\"ult-responsive info-list-heading\"  data-ultimate-target='#Info-list-wrap-3448 h3'  data-responsive-json-new='{\"font-size\":\"desktop:16px;\",\"line-height\":\"desktop:24px;\"}'  style=\"\">2009<\/h3><div class=\"icon_description_text ult-responsive\"  data-ultimate-target='#Info-list-wrap-3448 .icon_description_text'  data-responsive-json-new='{\"font-size\":\"desktop:13px;\",\"line-height\":\"desktop:18px;\"}'  style=\"\"><p>Exhibition &#8220;Savoir Faire&#8221;, retrospective exhibition at Kyongnam Museum of art, South Korea.<br \/>\nExhibition &#8220;Savoir Faire&#8221;, retrospective exhibition at Mus\u00e9e Asiana, Daejon, South Korea.<br \/>\nExhibition &#8220;Joker&#8221; at Die Galerie, Frankfurt (Germany), and at Galleria MOdenArte, Modena (Italy).<br \/>\nExhibition &#8220;Combas \u00e0 Saint Vincent&#8221;, \u00e9glise de Saint Vincent, M\u00e9rignac.<br \/>\n&#8220;Cin\u00e9phage \u00e0 gogo&#8221;, exhibition of recent works created for the event, Centre d\u2019Art la Malmaison, Cannes.<br \/>\nExhibition &#8220;Expo\u00e9sie&#8221;, festival de Po\u00e9sie \u00e0 P\u00e9rigueux, in the Mus\u00e9e de P\u00e9rigueux.<\/p>\n<\/div><\/div><div class=\"icon_list_connector\"  style=\"border-right-width: 1px;border-right-style: dashed;border-color: #333333;\"><\/div><\/li><br \/>\n<li class=\"icon_list_item\" style=\" font-size:72px;\"><div class=\"icon_list_icon\" data-animation=\"\" data-animation-delay=\"03\" style=\"font-size:24px;border-width:1px;border-style:none;background:#ffffff;color:#333333;border-color:#333333;\"><i class=\"Defaults-chevron-right\" ><\/i><\/div><div class=\"icon_description\" id=\"Info-list-wrap-8318\" style=\"font-size:24px;\"><h3 class=\"ult-responsive info-list-heading\"  data-ultimate-target='#Info-list-wrap-8318 h3'  data-responsive-json-new='{\"font-size\":\"desktop:16px;\",\"line-height\":\"desktop:24px;\"}'  style=\"\">2008<\/h3><div class=\"icon_description_text ult-responsive\"  data-ultimate-target='#Info-list-wrap-8318 .icon_description_text'  data-responsive-json-new='{\"font-size\":\"desktop:13px;\",\"line-height\":\"desktop:18px;\"}'  style=\"\"><p>Exhibition &#8220;Robert Combas, les ann\u00e9es 80 l\u2019invention d\u2019un style&#8221;, at Mus\u00e9e de Louviers, France.<br \/>\nExhibition &#8220;Robert Combas&#8221;, at Gana Art Center, South Korea.<br \/>\nExhibition &#8220;Chemin de Croix, Combas-Kijno&#8221;, at Chapelle des Gobelins, Paris.<br \/>\nExhibition &#8220;Qu\u2019es aco?&#8221;, at Fondation Vincent Van Gogh, Arles.<br \/>\nExhibition &#8220;Blow your mind&#8221;, at Opera Gallery, London..<br \/>\nExhibition &#8220;La d\u00e9gel\u00e9e Rabelais, Sens dessus dessous, le monde \u00e0 l\u2019envers&#8221; at the CRAC, S\u00e8te.<br \/>\nExhibition &#8220;Robert Combas, Le frimeur flamboyant&#8221;, Maison Europ\u00e9enne de la Photographie, Paris.<br \/>\n&#8220;Freedom, Diversity and oppression&#8221;, at Danubiana Meulensteen Art Museum, Bratislava, Slovakia.<br \/>\n&#8220;\u00c0 la revoyure&#8221;, Espace Jacques Villegl\u00e9, Saint Gratien.<\/p>\n<\/div><\/div><div class=\"icon_list_connector\"  style=\"border-right-width: 1px;border-right-style: dashed;border-color: #333333;\"><\/div><\/li><br \/>\n<li class=\"icon_list_item\" style=\" font-size:72px;\"><div class=\"icon_list_icon\" data-animation=\"\" data-animation-delay=\"03\" style=\"font-size:24px;border-width:1px;border-style:none;background:#ffffff;color:#333333;border-color:#333333;\"><i class=\"Defaults-chevron-right\" ><\/i><\/div><div class=\"icon_description\" id=\"Info-list-wrap-3778\" style=\"font-size:24px;\"><h3 class=\"ult-responsive info-list-heading\"  data-ultimate-target='#Info-list-wrap-3778 h3'  data-responsive-json-new='{\"font-size\":\"desktop:16px;\",\"line-height\":\"desktop:24px;\"}'  style=\"\">2010<\/h3><div class=\"icon_description_text ult-responsive\"  data-ultimate-target='#Info-list-wrap-3778 .icon_description_text'  data-responsive-json-new='{\"font-size\":\"desktop:13px;\",\"line-height\":\"desktop:18px;\"}'  style=\"\"><p>Exhibition &#8220;Robert Combas&#8221; at Fondation Mudima, Milan, Italy.<br \/>\nExhibition &#8220;Robert Combas&#8221; at Galerie H\u00e9l\u00e8ne Trintignan, Montpellier.<br \/>\n&#8220;Sans filet, les Goulamas sont de retour&#8221;, at Galerie Guy Pieters, Paris.<\/p>\n<\/div><\/div><div class=\"icon_list_connector\"  style=\"border-right-width: 1px;border-right-style: dashed;border-color: #333333;\"><\/div><\/li><\/p>\n<p><\/ul><\/div><br \/>\n[\/vc_column]<br \/>\n[\/vc_row]<\/p>\n","protected":false},"excerpt":{"rendered":"<p>[vc_row] [vc_column] [\/vc_column] [\/vc_row]<\/p>\n","protected":false},"author":1,"featured_media":140,"parent":57,"menu_order":0,"comment_status":"closed","ping_status":"closed","template":"","meta":[],"_links":{"self":[{"href":"https:\/\/www.combas.com\/en\/wp-json\/wp\/v2\/pages\/165"}],"collection":[{"href":"https:\/\/www.combas.com\/en\/wp-json\/wp\/v2\/pages"}],"about":[{"href":"https:\/\/www.combas.com\/en\/wp-json\/wp\/v2\/types\/page"}],"author":[{"embeddable":true,"href":"https:\/\/www.combas.com\/en\/wp-json\/wp\/v2\/users\/1"}],"replies":[{"embeddable":true,"href":"https:\/\/www.combas.com\/en\/wp-json\/wp\/v2\/comments?post=165"}],"version-history":[{"count":10,"href":"https:\/\/www.combas.com\/en\/wp-json\/wp\/v2\/pages\/165\/revisions"}],"predecessor-version":[{"id":178,"href":"https:\/\/www.combas.com\/en\/wp-json\/wp\/v2\/pages\/165\/revisions\/178"}],"up":[{"embeddable":true,"href":"https:\/\/www.combas.com\/en\/wp-json\/wp\/v2\/pages\/57"}],"wp:featuredmedia":[{"embeddable":true,"href":"https:\/\/www.combas.com\/en\/wp-json\/wp\/v2\/media\/140"}],"wp:attachment":[{"href":"https:\/\/www.combas.com\/en\/wp-json\/wp\/v2\/media?parent=165"}],"curies":[{"name":"wp","href":"https:\/\/api.w.org\/{rel}","templated":true}]}}